{"id":26,"date":"2020-12-19T21:22:25","date_gmt":"2020-12-19T20:22:25","guid":{"rendered":"https:\/\/www.zelenysen.sk\/?page_id=26"},"modified":"2026-03-23T20:32:35","modified_gmt":"2026-03-23T19:32:35","slug":"oddelenie-dlhodobo-chorych","status":"publish","type":"page","link":"https:\/\/www.zelenysen.sk\/en\/oddelenie-dlhodobo-chorych\/","title":{"rendered":"Long-Stay Ward"},"content":{"rendered":"<div class=\"wpb-content-wrapper\"><p>[vc_row css=&#8221;.vc_custom_1608571881011{margin-top: -50px !important;border-top-width: 1px !important;border-right-width: 1px !important;border-bottom-width: 1px !important;border-left-width: 1px !important;padding-top: 0px !important;background-color: #ffffff !important;border-left-color: #d9deda !important;border-left-style: solid !important;border-right-color: #d9deda !important;border-right-style: solid !important;border-top-color: #d9deda !important;border-top-style: solid !important;border-bottom-color: #d9deda !important;border-bottom-style: solid !important;border-radius: 5px !important;}&#8221;][vc_column css=&#8221;.vc_custom_1608560194424{margin-top: 0px !important;margin-bottom: 0px !important;border-top-width: 0px !important;border-bottom-width: 0px !important;padding-top: 0px !important;padding-bottom: 0px !important;}&#8221;][vc_row_inner css=&#8221;.vc_custom_1608560000949{margin-top: 0px !important;border-top-width: 0px !important;border-bottom-width: 1px !important;padding-top: 0px !important;background-color: #f2f2f2 !important;border-top-color: #d9deda !important;border-top-style: solid !important;border-bottom-color: #d9deda !important;border-bottom-style: solid !important;}&#8221;][vc_column_inner css=&#8221;.vc_custom_1608560097968{margin-top: 0px !important;margin-bottom: 0px !important;border-top-width: 0px !important;border-bottom-width: 0px !important;padding-top: 0px !important;padding-bottom: 0px !important;}&#8221;]<style type=\"text\/css\" data-type=\"the7_shortcodes-inline-css\">.dt-breadcrumbs-id-9ad02a9d71a1e3ed7cff9571e540fdae .breadcrumbs {\n  display: inline-block;\n  margin: 0;\n  padding: 10px 10px 10px 10px;\n  border: 1px solid #f2f2f2;\n  border-radius: 0px;\n}\n.dt-breadcrumbs-id-9ad02a9d71a1e3ed7cff9571e540fdae .breadcrumbs * {\n  font-size: 14px;\n  line-height: 14px;\n  font-weight: bold;\n  text-transform: uppercase;\n  color: #353535;\n}\n<\/style><div class=\"dt-breadcrumbs-shortcode dt-breadcrumbs-id-9ad02a9d71a1e3ed7cff9571e540fdae align-left\"><div class=\"assistive-text\">You are here:<\/div><ol class=\"breadcrumbs text-small\" itemscope itemtype=\"https:\/\/schema.org\/BreadcrumbList\"><li itemprop=\"itemListElement\" itemscope itemtype=\"https:\/\/schema.org\/ListItem\"><a itemprop=\"item\" href=\"https:\/\/www.zelenysen.sk\/en\/\" title=\"Home\"><span itemprop=\"name\">Home<\/span><\/a><meta itemprop=\"position\" content=\"1\" \/><\/li><li class=\"current\" itemprop=\"itemListElement\" itemscope itemtype=\"https:\/\/schema.org\/ListItem\"><span itemprop=\"name\">Page<\/span><meta itemprop=\"position\" content=\"2\" \/><\/li><\/ol><\/div>[\/vc_column_inner][\/vc_row_inner][vc_row_inner][vc_column_inner width=&#8221;1\/3&#8243;][vc_widget_sidebar sidebar_id=&#8221;sidebar_5&#8243;][\/vc_column_inner][vc_column_inner width=&#8221;2\/3&#8243;][vc_column_text css=&#8221;&#8221;]<\/p>\n<h1><strong>Klinika rehabilit\u00e1cie a starostlivosti o dlhodobo chor\u00fdch<\/strong><\/h1>\n<p style=\"text-align: center;\"><strong><span style=\"font-size: 14pt;\">\u00a0<\/span><\/strong><\/p>\n<p style=\"text-align: center;\"><span style=\"font-size: 14pt;\"><em>\u201e Kde je l\u00e1ska k\u00a0\u013eudom, tam je aj l\u00e1ska k\u00a0umeniu lie\u010di\u0165.\u201c<br \/>\n<\/em><\/span><span style=\"font-size: 14pt;\"><em>Hippokrates<\/em><\/span>[\/vc_column_text]<div class=\"standard-arrow bullet-top\"><h2><span style=\"font-size: 22pt;\">Zameranie kliniky<\/span><\/h2>\n<p>Oddelenia &#8211; dlhodobo chor\u00fdch (ODCH) a FBLR za\u010dali svoju \u010dinnos\u0165 2. septembra 2014 s cie\u013eom poskytova\u0165 komplexn\u00fa lie\u010debno-prevent\u00edvnu a kontinu\u00e1lnu zdravotn\u00fa starostlivos\u0165 pacientom, ktor\u00ed po ak\u00fatnom ochoren\u00ed, oper\u00e1cii alebo \u00faraze vy\u017eaduj\u00fa \u010fal\u0161iu lie\u010dbu, rehabilit\u00e1ciu a o\u0161etrovate\u013esk\u00fa starostlivos\u0165. Z\u00e1kladn\u00fdm princ\u00edpom ich \u010dinnosti je spojenie odbornej medic\u00ednskej starostlivosti s \u013eudsk\u00fdm, profesion\u00e1lnym a individu\u00e1lnym pr\u00edstupom k pacientovi.<\/p>\n<p>V priebehu svojej existencie sa oddelenia prepojili a vyprofilovali na pracovisko odborn\u00e9ho a \u013eudsk\u00e9ho pr\u00edstupu, ktor\u00e9 kladie d\u00f4raz na kvalitu starostlivosti, bezpe\u010dnos\u0165 i komfort pacientov.<\/p>\n<p>Na\u0161a nemocnica v r\u00e1mci vzdel\u00e1vania \u00fazko spolupracuje so SZ\u0160 a SZU. V na\u0161ich priestoroch \u0161tudenti absolvuj\u00fa klinick\u00fa prax s cie\u013eom nadobudn\u00fa\u0165 a skvalitni\u0165 svoje praktick\u00e9 zru\u010dnosti.<\/p>\n<p>V procese stabiliz\u00e1cie a zlep\u0161enia funk\u010dn\u00e9ho stavu pacienta zohr\u00e1va v\u00fdznamn\u00fa \u00falohu pr\u00e1ve intenz\u00edvna rehabilit\u00e1cia, ktor\u00e1 prebieha pod odborn\u00fdm veden\u00edm fyzioterapeuta bez \u010dasov\u00e9ho obmedzenia, s dostato\u010dne dlh\u00fdm trvan\u00edm tak \u2013 ako si to stav pacienta vy\u017eaduje. Je nastaven\u00e1 individu\u00e1lne pod\u013ea zdravotn\u00e9ho stavu, tolerancie z\u00e1\u0165a\u017ee a stanoven\u00fdch cie\u013eov. Rehabilit\u00e1cia sa zameriava najm\u00e4 na n\u00e1cvik mobility, zlep\u0161enie svalovej sily a koordin\u00e1cie, vertikaliz\u00e1ciu, reeduk\u00e1ciu ch\u00f4dze, n\u00e1cvik sebaobslu\u017en\u00fdch \u010dinnost\u00ed a prevenciu komplik\u00e1ci\u00ed imobility. Pri indikovan\u00fdch pacientoch je rehabilita\u010dn\u00fd pl\u00e1n doplnen\u00fd o respira\u010dn\u00fa fyzioterapiu a eduk\u00e1ciu pacienta o re\u017eimov\u00fdch opatreniach. Cie\u013eom intenz\u00edvnej rehabilit\u00e1cie je podpori\u0165 n\u00e1vrat pacienta k \u010do najvy\u0161\u0161ej mo\u017enej funk\u010dnej nez\u00e1vislosti a samostatnosti so skr\u00e1ten\u00edm \u010dasu rekonvalescencie.<br \/>\nNeoddelite\u013enou s\u00fa\u010das\u0165ou na\u0161ej starostlivosti je \u00fazka spolupr\u00e1ca t\u00edmu zah\u0155\u0148aj\u00faceho lek\u00e1rov, fyzioterapeutov a o\u0161etrovate\u013esk\u00fd person\u00e1l (sanit\u00e1ri, zdravotn\u00e9 sestry). Za d\u00f4le\u017eit\u00fa v\u0161ak poklad\u00e1me aj spolupr\u00e1cu s rodinami (pr\u00edbuzn\u00fdmi) pacientov, ktor\u00fdch tie\u017e dostato\u010dne edukujeme o rehabilit\u00e1cii a \u010fal\u0161ej (n\u00e1slednej) starostlivosti v dom\u00e1cich podmienkach.<\/p>\n<h3><span style=\"font-size: 22pt;\">Klientelu oddelenia tvoria predov\u0161etk\u00fdm pacienti s\u00a0chronick\u00fdmi ochoreniami:<\/span><\/h3>\n<ul>\n<li>po ortopedick\u00fdch a\u00a0traumatologick\u00fdch v\u00fdkonoch \u2013 napr. implant\u00e1cie TEP kolenn\u00fdch, bedrov\u00fdch, \u010di ramenn\u00fdch k\u013abov, r\u00f4zne typy osteosynt\u00e9zy;<\/li>\n<li>po oper\u00e1ci\u00e1ch chrbtice;<\/li>\n<li>po iktoch (n\u00e1hle cievne mozgov\u00e9 pr\u00edhody);<\/li>\n<li>po \u00farazoch a\u00a0zlomenin\u00e1ch;<\/li>\n<li>s\u00a0poruchami pohybov\u00e9ho apar\u00e1tu.<\/li>\n<\/ul>\n<p>Na kliniku sa prij\u00edmaj\u00fa pacienti po ukon\u010den\u00ed diagnostick\u00e9ho procesu a zvl\u00e1dnut\u00ed ak\u00fatneho stavu, so stanovenou diagn\u00f3zou. ODCH je ur\u010den\u00e9 pacientom, ktor\u00fdch zdravotn\u00fd stav je stabilizovan\u00fd, s potrebou zaistenia lie\u010dby a rehabilit\u00e1cie s ka\u017edodennou lek\u00e1rskou vizitou.<\/p>\n<\/div>[vc_column_text css=&#8221;&#8221;]<\/p>\n<h2>Materi\u00e1lno-technick\u00e9 vybavenie<\/h2>\n<p>Jednol\u00f4\u017ekov\u00e9 a dvojl\u00f4\u017ekov\u00e9 izby s\u00fa vybaven\u00e9 nad\u0161tandardn\u00fdm materi\u00e1lno-technick\u00fdm vybaven\u00edm (elektrick\u00e9 polohovate\u013en\u00e9 postele, antidekubitn\u00e9 matrace s\u00a0kompresormi), soci\u00e1lnym zariaden\u00edm, chladni\u010dkou, telev\u00edzorom, klimatiza\u010dn\u00fdm zariaden\u00edm a\u00a0bezdr\u00f4tov\u00fdm internetov\u00fdm pripojen\u00edm (Wi-Fi).<\/p>\n<p>V\u00a0tepl\u00fdch mesiacoch pacienti vyu\u017e\u00edvaj\u00fa vonkaj\u0161ie rehabilita\u010dn\u00e9 priestory &#8211; vybudovan\u00e9 atrium v\u00a0are\u00e1li nemocnice na skupinov\u00e9 cvi\u010denie pod odborn\u00fdm veden\u00edm fyzioterapeuta.<\/p>\n<p><strong>Met\u00f3dou pr\u00e1ce<\/strong>\u00a0je komplexn\u00e9 pos\u00fadenie pacienta a stanovenie lie\u010debn\u00e9ho a rehabilita\u010dn\u00e9ho pl\u00e1nu, s n\u00e1cvikom denn\u00fdch \u010dinnost\u00ed, vertikaliz\u00e1ciou a\u00a0mobiliz\u00e1ciou pacienta, s\u00a0pou\u017eit\u00edm \u0161peci\u00e1lnych najmodernej\u0161\u00edch pr\u00edstrojov.[\/vc_column_text]<div class=\"standard-arrow bullet-top\"><h2>Poskytovan\u00e9 slu\u017eby<\/h2>\n<ul>\n<li>medikament\u00f3zna lie\u010dba \u2013 pod\u00e1vanie liekov, injekci\u00ed a inf\u00fazi\u00ed;<\/li>\n<li>tlmenie bolesti;<\/li>\n<li>kvalitn\u00e1 o\u0161etrovate\u013esk\u00e1 starostlivos\u0165;<\/li>\n<li>rehabilit\u00e1cia \u2013 LTV, individu\u00e1lne a\u00a0skupinov\u00e9 cvi\u010denie, aktiviz\u00e1cia pohybov\u00e9ho apar\u00e1tu,\u00a0n\u00e1cvik ch\u00f4dze v G apar\u00e1te, pomocou chod\u00edtka, podpazu\u0161n\u00fdch nemeck\u00fdch alebo franc\u00fazskych barl\u00ed;<\/li>\n<li>ergoterapia &#8211; n\u00e1cvik jemnej motoriky;<\/li>\n<li>n\u00e1cvik sebaobslu\u017en\u00fdch \u010dinnost\u00ed &#8211; prvkov sebaobsluhy a sebesta\u010dnosti;<\/li>\n<li>podpora zachovania kognit\u00edvnych a psychick\u00fdch funkci\u00ed prostredn\u00edctvom cielen\u00fdch aktiv\u00edt;<\/li>\n<li>prevencia komplik\u00e1ci\u00ed z imobility;<\/li>\n<li>zabezpe\u010denie primeranej socializ\u00e1cie a aktiviz\u00e1cie;<\/li>\n<li>v\u00a0pr\u00edpade potreby konzult\u00e1cia zdravotn\u00e9ho stavu a lie\u010debn\u00e9ho postupu s pr\u00edslu\u0161n\u00fdmi odborn\u00fdmi lek\u00e1rmi.<\/li>\n<\/ul>\n<h2>Cie\u013eom na\u0161ej starostlivosti<\/h2>\n<ul>\n<li>je stabilizova\u0165 a zlep\u0161i\u0165 zdravotn\u00fd stav pacienta tak, aby si \u010do najdlh\u0161ie udr\u017eal sebesta\u010dnos\u0165;<\/li>\n<li>oddiali\u0165 jeho z\u00e1vislos\u0165 a\u00a0odk\u00e1zanos\u0165 na druhej osobe;<\/li>\n<li>zlep\u0161i\u0165 kvalitu jeho \u017eivota;<\/li>\n<li>spokojnos\u0165 na\u0161ich klientov.<\/li>\n<\/ul>\n<\/div>[vc_column_text css=&#8221;&#8221;]<\/p>\n<h2><span style=\"font-size: 24pt;\"><strong>Kari\u00e9ra<\/strong><\/span><\/h2>\n<p>Uvedomujeme si, \u017ee kvalitn\u00e1 zdravotn\u00e1 starostlivos\u0165 je v\u00fdsledkom pr\u00e1ce motivovan\u00e9ho a stabiln\u00e9ho t\u00edmu zdravotn\u00edckych pracovn\u00edkov. Preto kladieme d\u00f4raz nielen na odbornos\u0165, ale aj na podporu na\u0161ich zamestnancov v&nbsp;ich ka\u017edodennej pr\u00e1ci. Pon\u00fakame stabiln\u00e9 pracovn\u00e9 prostredie, korektn\u00e9 medzi\u013eudsk\u00e9 vz\u0165ahy a&nbsp;podporu profesion\u00e1lneho rozvoja.<\/p>\n<p>S\u00fa\u010das\u0165ou na\u0161ej person\u00e1lnej politiky je otvoren\u00e1 komunik\u00e1cia, re\u0161pekt k&nbsp;individu\u00e1lnym potreb\u00e1m zamestnancov a&nbsp;snaha o&nbsp;vytv\u00e1ranie pracovnej atmosf\u00e9ry zalo\u017eenej na spolupr\u00e1ci a&nbsp;vz\u00e1jomnej d\u00f4vere.<\/p>\n<h2><span style=\"font-size: 24pt;\">Indik\u00e1cie na prijatie pacientov ODCH<\/span><\/h2>\n<p>Pacienti sa prij\u00edmaj\u00fa na z\u00e1klade odborn\u00e9ho odpor\u00fa\u010dania prim\u00e1ra z&nbsp;ak\u00fatnych l\u00f4\u017ekov\u00fdch oddelen\u00ed in\u00fdch nemocn\u00edc formou prekladu \/cestou \u017eiadosti o prelo\u017eenie vestn\u00edk MZ SR\/ alebo z domu na odporu\u010denie V\u0160EOBECN\u00c9HO LEK\u00c1RA (vyp\u00edsan\u00edm v\u00fdmenn\u00e9ho l\u00edstka).<\/p>\n<p>D\u013a\u017eka hospitaliz\u00e1cie sa riadi zdravotn\u00fdm stavom pacienta, minim\u00e1lne trv\u00e1 11 dn\u00ed.<\/p>\n<h2><span style=\"font-size: 24pt;\"><strong>Elektronick\u00fd syst\u00e9m objedn\u00e1vania pacientov<\/strong><\/span><\/h2>\n<p>Vyp\u00edsanie a odoslanie nasleduj\u00faceho elektronick\u00e9ho dotazn\u00edka\/prihlasovacieho formul\u00e1ra je podmienkou prijatia pacientov na na\u0161e oddelenie. V pr\u00edpade probl\u00e9mu s vyp\u00edsan\u00edm dotazn\u00edka, odpor\u00fa\u010dame obr\u00e1ti\u0165 sa na ekonomick\u00e9 oddelenie, kde bude pacientovi poskytnut\u00e1 pomoc s vyplnen\u00edm formul\u00e1ra.<\/p>\n<p><span style=\"font-size: 14pt;\"><strong>Poskytovanie inform\u00e1ci\u00ed o mo\u017enosti prijatia pacientov v pracovn\u00fdch d\u0148och v \u010dasoch 13:00 \u2013 15:00 hod.:<\/strong><\/span><\/p>\n<p style=\"text-align: left;\">prednostom kliniky MUDr. Silvia Golia\u0161ov\u00e1, MPH<br \/>\nprim\u00e1rom ODCH MUDr. Martina Vodeck\u00e1<br \/>\nlek\u00e1rom ODCH MUDr. Lucia Slan\u010d\u00edkov\u00e1<\/p>\n<p><span style=\"font-size: 14pt;\"><strong>Poskytovanie inform\u00e1ci\u00ed o&nbsp;zdravotnom stave pacientov<\/strong><\/span><\/p>\n<p>V s\u00falade s platnou legislat\u00edvou, nariaden\u00edm GDPR a z\u00e1konom \u010d.576\/2004 Z.z. o zdravotnej starostlivosti, poskytujeme inform\u00e1cie o zdravotnom stave v\u00fdlu\u010dne pacientovi. Pacient m\u00e1 mo\u017enos\u0165 pri prijat\u00ed ur\u010di\u0165 opr\u00e1vnen\u00fa osobu a zvoli\u0165 si overovacie heslo, prostredn\u00edctvom ktor\u00e9ho je mo\u017en\u00e9 poskytn\u00fa\u0165 inform\u00e1cie o jeho zdravotnom stave. Svoj s\u00fahlas o vy\u0161\u0161ie uvedenom postupe potvrd\u00ed pacient svojim podpisom v zdravotnej dokument\u00e1cii. Inform\u00e1cie sa poskytuj\u00fa len v rozsahu ur\u010denom pacientom a v s\u00falade s platnou legislat\u00edvou.<\/p>\n<p>V pr\u00edpade, \u017ee pacient nie je schopn\u00fd plne porozumie\u0165 poskytovan\u00fdm inform\u00e1ci\u00e1m ani po primeranom prisp\u00f4soben\u00ed komunik\u00e1cie, postupuje sa v s\u00falade s platnou legislat\u00edvou a inform\u00e1cie sa poskytuj\u00fa z\u00e1konn\u00e9mu z\u00e1stupcovi alebo osobe opr\u00e1vnenej pod\u013ea z\u00e1kona (s\u00fadom ustanoveny opatrovn\u00edk) v pr\u00edpadoch ustanoven\u00fdch pr\u00e1vnymi predpismi. Bez splnenia t\u00fdchto podmienok nie je mo\u017en\u00e9 poskytn\u00fa\u0165 \u017eiadne inform\u00e1cie o zdravotnom stave pacienta. T\u00fdmto postupom chr\u00e1nime s\u00fakromie pacientov a zabezpe\u010dujeme ochranu osobn\u00fdch \u00fadajov v s\u00falade s GDPR a z\u00e1konom o zdravotnej starostlivosti.<\/p>\n<h2><span style=\"font-size: 24pt;\"><strong>Person\u00e1lne obsadenie:<\/strong><\/span><\/h2>\n<p><span style=\"font-size: 14pt;\"><strong>Prednosta kliniky rehabilit\u00e1cie a starostlivosti o dlhodobo chor\u00fdch:<\/strong><\/span><\/p>\n<p>MUDr. Silvia Golia\u0161ov\u00e1, MPH,&nbsp;<strong>0940 626&nbsp;727 <\/strong>alebo<strong> 048\/47162 32 <\/strong><\/p>\n<p>&nbsp;<\/p>\n<p><strong><span style=\"font-size: 12pt;\">ODCH<\/span><br \/>\nPrim\u00e1r ODCH:&nbsp;<\/strong>MUDr. Martina Vodeck\u00e1,&nbsp;<strong>0910 911 221<\/strong>&nbsp;alebo&nbsp;<strong>048\/47162 16<\/strong><br \/>\n<strong>Lek\u00e1ri:<\/strong><\/p>\n<p>MUDr. Lucia Slan\u010d\u00edkov\u00e1,&nbsp;<strong>0910 911 674<\/strong>&nbsp;alebo&nbsp;<strong>048\/47162 17<\/strong><\/p>\n<p>MUDr. So\u0148a Vicov\u00e1 <strong>0940 620&nbsp;583<\/strong> <strong><br \/>\nVed\u00faca sestra ODCH:&nbsp;<\/strong><\/p>\n<p>Mgr. Al\u017ebeta Ku\u010derov\u00e1,&nbsp;<strong>0948 125 920<\/strong>&nbsp;alebo&nbsp;<strong>048\/47162 22<\/strong><\/p>\n<p><strong>Mana\u017e\u00e9rka dennej zmeny ODCH<\/strong>: Mgr. Al\u017ebeta Ku\u010derov\u00e1<\/p>\n<p><strong>&nbsp;<\/strong><\/p>\n<p><span style=\"font-size: 12pt;\"><strong>Oddelenie FBLR<\/strong><\/span><\/p>\n<p><strong>Prim\u00e1r: <\/strong>MUDr. Dagmar Balkov\u00e1 <strong>048\/47162 29<\/strong> alebo <strong>048\/47162 24<\/strong><\/p>\n<p><strong>Ved\u00faca FBLR<\/strong>: Mgr. Lenka Harmanov\u00e1 <strong>0910 912&nbsp;702<\/strong> alebo <strong>048\/47162 31<\/strong><\/p>\n<p><strong>&nbsp;<\/strong><\/p>\n<p><strong>Ekonomick\u00e9 oddelenie: <\/strong>Lenka Zacharov\u00e1 <strong>048\/471 62 11<\/strong><\/p>\n<h3><\/h3>\n<h3>N\u00e1v\u0161tevn\u00e9 hodiny:<\/h3>\n<p>Pracovn\u00e9 dni: 15:00 \u2013 16:30 h<br \/>\nV\u00edkend a sviatok: 13:00 \u2013 16:30 h<\/p>\n<h3>Informa\u010dn\u00e9 hodiny:<\/h3>\n<p>pracovn\u00e9 dni 13:00 -15:00h<\/p>\n<p>Pros\u00edme o dodr\u017eanie informa\u010dn\u00fdch hod\u00edn, nako\u013eko v \u010dase mimo t\u00fdchto hod\u00edn sa zdravotn\u00edcky person\u00e1l (lek\u00e1ri, fyzioterapeuti, zdravotn\u00e9 sestry, sanit\u00e1ri) &#8211; prim\u00e1rne venuje pacientom. Za pochopenie \u010fakujeme.<\/p>\n<h3>Kontakt:<\/h3>\n<p>Nemocnica Zelen\u00fd sen<br \/>\nZELEN\u00dd SEN, s.r.o<br \/>\nCesta k&nbsp;nemocnici 1\/B<br \/>\n974 01&nbsp;Bansk\u00e1 Bystrica[\/vc_column_text][vc_masonry_media_grid gap=&#8221;3&#8243; grid_id=&#8221;vc_gid:1774272192267-e8f4d04aed33b357510b12488bdc7a85-5&#8243; include=&#8221;317,318,319,320,321,322,323&#8243;][\/vc_column_inner][\/vc_row_inner][\/vc_column][\/vc_row]<\/p>\n<\/div>","protected":false},"excerpt":{"rendered":"<p>[vc_row css=&#8221;.vc_custom_1608571881011{margin-top: -50px !important;border-top-width: 1px !important;border-right-width: 1px !important;border-bottom-width: 1px !important;border-left-width: 1px !important;padding-top: 0px !important;background-color: #ffffff !important;border-left-color: #d9deda !important;border-left-style: solid !important;border-right-color: #d9deda !important;border-right-style: solid !important;border-top-color: #d9deda !important;border-top-style: solid !important;border-bottom-color: #d9deda !important;border-bottom-style: solid !important;border-radius: 5px !important;}&#8221;][vc_column css=&#8221;.vc_custom_1608560194424{margin-top: 0px !important;margin-bottom: 0px !important;border-top-width: 0px !important;border-bottom-width: 0px !important;padding-top: 0px !important;padding-bottom: 0px !important;}&#8221;][vc_row_inner css=&#8221;.vc_custom_1608560000949{margin-top: 0px !important;border-top-width: 0px !important;border-bottom-width: 1px !important;padding-top: 0px&hellip;<\/p>\n","protected":false},"author":1,"featured_media":0,"parent":0,"menu_order":0,"comment_status":"closed","ping_status":"closed","template":"","meta":{"footnotes":""},"class_list":["post-26","page","type-page","status-publish","hentry","description-off"],"yoast_head":"<!-- This site is optimized with the Yoast SEO plugin v24.6 - https:\/\/yoast.com\/wordpress\/plugins\/seo\/ -->\n<title>Long-Stay Ward - Zelen\u00fd Sen<\/title>\n<meta name=\"robots\" content=\"index, follow, max-snippet:-1, max-image-preview:large, max-video-preview:-1\" \/>\n<link rel=\"canonical\" href=\"https:\/\/www.zelenysen.sk\/oddelenie-dlhodobo-chorych\/\" \/>\n<meta property=\"og:locale\" content=\"en_US\" \/>\n<meta property=\"og:type\" content=\"article\" \/>\n<meta property=\"og:title\" content=\"[:sk]Klinika rehabilit\u00e1cie a starostlivosti o dlhodobo chor\u00fdch[:en]Long-Stay Ward[:de]Station f\u00fcr langzeitig Kranke[:] - Zelen\u00fd Sen\" \/>\n<meta property=\"og:description\" content=\"[vc_row css=&#8221;.vc_custom_1608571881011{margin-top: -50px !important;border-top-width: 1px !important;border-right-width: 1px !important;border-bottom-width: 1px !important;border-left-width: 1px !important;padding-top: 0px !important;background-color: #ffffff !important;border-left-color: #d9deda !important;border-left-style: solid !important;border-right-color: #d9deda !important;border-right-style: solid !important;border-top-color: #d9deda !important;border-top-style: solid !important;border-bottom-color: #d9deda !important;border-bottom-style: solid !important;border-radius: 5px !important;}&#8221;][vc_column css=&#8221;.vc_custom_1608560194424{margin-top: 0px !important;margin-bottom: 0px !important;border-top-width: 0px !important;border-bottom-width: 0px !important;padding-top: 0px !important;padding-bottom: 0px !important;}&#8221;][vc_row_inner css=&#8221;.vc_custom_1608560000949{margin-top: 0px !important;border-top-width: 0px !important;border-bottom-width: 1px !important;padding-top: 0px&hellip;\" \/>\n<meta property=\"og:url\" content=\"https:\/\/www.zelenysen.sk\/oddelenie-dlhodobo-chorych\/\" \/>\n<meta property=\"og:site_name\" content=\"Zelen\u00fd Sen\" \/>\n<meta property=\"article:modified_time\" content=\"2026-03-23T19:32:35+00:00\" \/>\n<meta name=\"twitter:card\" content=\"summary_large_image\" \/>\n<meta name=\"twitter:label1\" content=\"Est. reading time\" \/>\n\t<meta name=\"twitter:data1\" content=\"8 minutes\" \/>\n<script type=\"application\/ld+json\" class=\"yoast-schema-graph\">{\"@context\":\"https:\/\/schema.org\",\"@graph\":[{\"@type\":\"WebPage\",\"@id\":\"https:\/\/www.zelenysen.sk\/oddelenie-dlhodobo-chorych\/\",\"url\":\"https:\/\/www.zelenysen.sk\/oddelenie-dlhodobo-chorych\/\",\"name\":\"[:sk]Klinika rehabilit\u00e1cie a starostlivosti o dlhodobo chor\u00fdch[:en]Long-Stay Ward[:de]Station f\u00fcr langzeitig Kranke[:] - Zelen\u00fd Sen\",\"isPartOf\":{\"@id\":\"https:\/\/www.zelenysen.sk\/#website\"},\"datePublished\":\"2020-12-19T20:22:25+00:00\",\"dateModified\":\"2026-03-23T19:32:35+00:00\",\"breadcrumb\":{\"@id\":\"https:\/\/www.zelenysen.sk\/oddelenie-dlhodobo-chorych\/#breadcrumb\"},\"inLanguage\":\"en-US\",\"potentialAction\":[{\"@type\":\"ReadAction\",\"target\":[\"https:\/\/www.zelenysen.sk\/oddelenie-dlhodobo-chorych\/\"]}]},{\"@type\":\"BreadcrumbList\",\"@id\":\"https:\/\/www.zelenysen.sk\/oddelenie-dlhodobo-chorych\/#breadcrumb\",\"itemListElement\":[{\"@type\":\"ListItem\",\"position\":1,\"name\":\"Domovsk\u00e1 str\u00e1nka\",\"item\":\"https:\/\/www.zelenysen.sk\/\"},{\"@type\":\"ListItem\",\"position\":2,\"name\":\"Klinika rehabilit\u00e1cie a starostlivosti o dlhodobo chor\u00fdch\"}]},{\"@type\":\"WebSite\",\"@id\":\"https:\/\/www.zelenysen.sk\/#website\",\"url\":\"https:\/\/www.zelenysen.sk\/\",\"name\":\"Zelen\u00fd Sen\",\"description\":\"\",\"potentialAction\":[{\"@type\":\"SearchAction\",\"target\":{\"@type\":\"EntryPoint\",\"urlTemplate\":\"https:\/\/www.zelenysen.sk\/?s={search_term_string}\"},\"query-input\":{\"@type\":\"PropertyValueSpecification\",\"valueRequired\":true,\"valueName\":\"search_term_string\"}}],\"inLanguage\":\"en-US\"}]}<\/script>\n<!-- \/ Yoast SEO plugin. -->","yoast_head_json":{"title":"[:sk]Klinika rehabilit\u00e1cie a starostlivosti o dlhodobo chor\u00fdch[:en]Long-Stay Ward[:de]Station f\u00fcr langzeitig Kranke[:] - Zelen\u00fd Sen","robots":{"index":"index","follow":"follow","max-snippet":"max-snippet:-1","max-image-preview":"max-image-preview:large","max-video-preview":"max-video-preview:-1"},"canonical":"https:\/\/www.zelenysen.sk\/oddelenie-dlhodobo-chorych\/","og_locale":"en_US","og_type":"article","og_title":"[:sk]Klinika rehabilit\u00e1cie a starostlivosti o dlhodobo chor\u00fdch[:en]Long-Stay Ward[:de]Station f\u00fcr langzeitig Kranke[:] - Zelen\u00fd Sen","og_description":"[vc_row css=&#8221;.vc_custom_1608571881011{margin-top: -50px !important;border-top-width: 1px !important;border-right-width: 1px !important;border-bottom-width: 1px !important;border-left-width: 1px !important;padding-top: 0px !important;background-color: #ffffff !important;border-left-color: #d9deda !important;border-left-style: solid !important;border-right-color: #d9deda !important;border-right-style: solid !important;border-top-color: #d9deda !important;border-top-style: solid !important;border-bottom-color: #d9deda !important;border-bottom-style: solid !important;border-radius: 5px !important;}&#8221;][vc_column css=&#8221;.vc_custom_1608560194424{margin-top: 0px !important;margin-bottom: 0px !important;border-top-width: 0px !important;border-bottom-width: 0px !important;padding-top: 0px !important;padding-bottom: 0px !important;}&#8221;][vc_row_inner css=&#8221;.vc_custom_1608560000949{margin-top: 0px !important;border-top-width: 0px !important;border-bottom-width: 1px !important;padding-top: 0px&hellip;","og_url":"https:\/\/www.zelenysen.sk\/oddelenie-dlhodobo-chorych\/","og_site_name":"Zelen\u00fd Sen","article_modified_time":"2026-03-23T19:32:35+00:00","twitter_card":"summary_large_image","twitter_misc":{"Est. reading time":"8 minutes"},"schema":{"@context":"https:\/\/schema.org","@graph":[{"@type":"WebPage","@id":"https:\/\/www.zelenysen.sk\/oddelenie-dlhodobo-chorych\/","url":"https:\/\/www.zelenysen.sk\/oddelenie-dlhodobo-chorych\/","name":"[:sk]Klinika rehabilit\u00e1cie a starostlivosti o dlhodobo chor\u00fdch[:en]Long-Stay Ward[:de]Station f\u00fcr langzeitig Kranke[:] - Zelen\u00fd Sen","isPartOf":{"@id":"https:\/\/www.zelenysen.sk\/#website"},"datePublished":"2020-12-19T20:22:25+00:00","dateModified":"2026-03-23T19:32:35+00:00","breadcrumb":{"@id":"https:\/\/www.zelenysen.sk\/oddelenie-dlhodobo-chorych\/#breadcrumb"},"inLanguage":"en-US","potentialAction":[{"@type":"ReadAction","target":["https:\/\/www.zelenysen.sk\/oddelenie-dlhodobo-chorych\/"]}]},{"@type":"BreadcrumbList","@id":"https:\/\/www.zelenysen.sk\/oddelenie-dlhodobo-chorych\/#breadcrumb","itemListElement":[{"@type":"ListItem","position":1,"name":"Domovsk\u00e1 str\u00e1nka","item":"https:\/\/www.zelenysen.sk\/"},{"@type":"ListItem","position":2,"name":"Klinika rehabilit\u00e1cie a starostlivosti o dlhodobo chor\u00fdch"}]},{"@type":"WebSite","@id":"https:\/\/www.zelenysen.sk\/#website","url":"https:\/\/www.zelenysen.sk\/","name":"Zelen\u00fd Sen","description":"","potentialAction":[{"@type":"SearchAction","target":{"@type":"EntryPoint","urlTemplate":"https:\/\/www.zelenysen.sk\/?s={search_term_string}"},"query-input":{"@type":"PropertyValueSpecification","valueRequired":true,"valueName":"search_term_string"}}],"inLanguage":"en-US"}]}},"_links":{"self":[{"href":"https:\/\/www.zelenysen.sk\/en\/wp-json\/wp\/v2\/pages\/26","targetHints":{"allow":["GET"]}}],"collection":[{"href":"https:\/\/www.zelenysen.sk\/en\/wp-json\/wp\/v2\/pages"}],"about":[{"href":"https:\/\/www.zelenysen.sk\/en\/wp-json\/wp\/v2\/types\/page"}],"author":[{"embeddable":true,"href":"https:\/\/www.zelenysen.sk\/en\/wp-json\/wp\/v2\/users\/1"}],"replies":[{"embeddable":true,"href":"https:\/\/www.zelenysen.sk\/en\/wp-json\/wp\/v2\/comments?post=26"}],"version-history":[{"count":93,"href":"https:\/\/www.zelenysen.sk\/en\/wp-json\/wp\/v2\/pages\/26\/revisions"}],"predecessor-version":[{"id":1501,"href":"https:\/\/www.zelenysen.sk\/en\/wp-json\/wp\/v2\/pages\/26\/revisions\/1501"}],"wp:attachment":[{"href":"https:\/\/www.zelenysen.sk\/en\/wp-json\/wp\/v2\/media?parent=26"}],"curies":[{"name":"wp","href":"https:\/\/api.w.org\/{rel}","templated":true}]}}