{"id":44,"date":"2020-12-19T21:31:52","date_gmt":"2020-12-19T20:31:52","guid":{"rendered":"https:\/\/www.zelenysen.sk\/?page_id=44"},"modified":"2026-03-05T17:44:42","modified_gmt":"2026-03-05T16:44:42","slug":"indikacie-na-prijem-pacientov","status":"publish","type":"page","link":"https:\/\/www.zelenysen.sk\/de\/informacie\/pre-pacientov\/indikacie-na-prijem-pacientov\/","title":{"rendered":"Indications for the admission of patients to the LS ICU"},"content":{"rendered":"<div class=\"wpb-content-wrapper\"><p>[vc_row css=&#8220;.vc_custom_1608571881011{margin-top: -50px !important;border-top-width: 1px !important;border-right-width: 1px !important;border-bottom-width: 1px !important;border-left-width: 1px !important;padding-top: 0px !important;background-color: #ffffff !important;border-left-color: #d9deda !important;border-left-style: solid !important;border-right-color: #d9deda !important;border-right-style: solid !important;border-top-color: #d9deda !important;border-top-style: solid !important;border-bottom-color: #d9deda !important;border-bottom-style: solid !important;border-radius: 5px !important;}&#8220;][vc_column css=&#8220;.vc_custom_1608560194424{margin-top: 0px !important;margin-bottom: 0px !important;border-top-width: 0px !important;border-bottom-width: 0px !important;padding-top: 0px !important;padding-bottom: 0px !important;}&#8220;][vc_row_inner css=&#8220;.vc_custom_1608560000949{margin-top: 0px !important;border-top-width: 0px !important;border-bottom-width: 1px !important;padding-top: 0px !important;background-color: #f2f2f2 !important;border-top-color: #d9deda !important;border-top-style: solid !important;border-bottom-color: #d9deda !important;border-bottom-style: solid !important;}&#8220;][vc_column_inner css=&#8220;.vc_custom_1608560097968{margin-top: 0px !important;margin-bottom: 0px !important;border-top-width: 0px !important;border-bottom-width: 0px !important;padding-top: 0px !important;padding-bottom: 0px !important;}&#8220;]<style type=\"text\/css\" data-type=\"the7_shortcodes-inline-css\">.dt-breadcrumbs-id-9ad02a9d71a1e3ed7cff9571e540fdae .breadcrumbs {\n  display: inline-block;\n  margin: 0;\n  padding: 10px 10px 10px 10px;\n  border: 1px solid #f2f2f2;\n  border-radius: 0px;\n}\n.dt-breadcrumbs-id-9ad02a9d71a1e3ed7cff9571e540fdae .breadcrumbs * {\n  font-size: 14px;\n  line-height: 14px;\n  font-weight: bold;\n  text-transform: uppercase;\n  color: #353535;\n}\n<\/style><div class=\"dt-breadcrumbs-shortcode dt-breadcrumbs-id-9ad02a9d71a1e3ed7cff9571e540fdae align-left\"><div class=\"assistive-text\">Sie befinden sich hier:<\/div><ol class=\"breadcrumbs text-small\" itemscope itemtype=\"https:\/\/schema.org\/BreadcrumbList\"><li itemprop=\"itemListElement\" itemscope itemtype=\"https:\/\/schema.org\/ListItem\"><a itemprop=\"item\" href=\"https:\/\/www.zelenysen.sk\/de\/\" title=\"Start\"><span itemprop=\"name\">Start<\/span><\/a><meta itemprop=\"position\" content=\"1\" \/><\/li><li class=\"current\" itemprop=\"itemListElement\" itemscope itemtype=\"https:\/\/schema.org\/ListItem\"><span itemprop=\"name\">Seite<\/span><meta itemprop=\"position\" content=\"2\" \/><\/li><\/ol><\/div>[\/vc_column_inner][\/vc_row_inner][vc_row_inner][vc_column_inner width=&#8220;1\/3&#8243;][vc_widget_sidebar sidebar_id=&#8220;sidebar_8&#8243;][\/vc_column_inner][vc_column_inner width=&#8220;2\/3&#8243;][vc_column_text]<\/p>\n<h1>Indik\u00e1cie na pr\u00edjem pacientov<\/h1>\n<p>[\/vc_column_text]<div class=\"standard-arrow bullet-top\"><h3>INDIK\u00c1CIE NA PR\u00cdJEM PACIENTOV NA JDIS<\/h3>\n<h3>Pre dlhodobo ventilovan\u00fdch pacientov<\/h3>\n<ul>\n<li>pacienti hospitalizovan\u00ed pre kritick\u00e9 ochorenie (bez oh\u013eadu na diagn\u00f3zu) v d\u013a\u017eke minim\u00e1lne 6-8 t\u00fd\u017ed\u0148ov.<\/li>\n<li>po zvl\u00e1dnut\u00ed kritick\u00e9ho stavu<\/li>\n<li>dokumentovan\u00e9 zlyhanie pokusov o\u00a0odpojenie od kontinu\u00e1lnej UPV v\u00a0d\u013a\u017eke minim\u00e1lne dvoch t\u00fd\u017ed\u0148ov<\/li>\n<li>potreba pokra\u010dovania v poskytovan\u00ed intenz\u00edvnej starostlivosti vr\u00e1tane o\u0161etrovate\u013eskej a rehabilita\u010dnej<\/li>\n<li>klinick\u00fd stav znemo\u017e\u0148uj\u00faci zabezpe\u010denie dlhodobej UPV v dom\u00e1cich podmienkach<\/li>\n<\/ul>\n<p>Pr\u00edjem na oddelenie podlieha predch\u00e1dzaj\u00facemu s\u00fahlasu rev\u00edzneho lek\u00e1ra zdravotnej pois\u0165ovne na z\u00e1klade \u017eiadosti poskytovate\u013ea. V \u017eiadosti musia by\u0165 dostato\u010dne zdokumentovan\u00e9 v\u0161etky hore uveden\u00e9 podmienky.<\/p>\n<h3 style=\"text-align: left;\">Indik\u00e1cie na prijatie pacientov na Kliniku rehabilit\u00e1cie a starostlivosti o dlhodobo chor\u00fdch, ODCH<\/h3>\n<p>Pacienti sa prij\u00edmaj\u00fa na z\u00e1klade odborn\u00e9ho odporu\u010denia prim\u00e1ra oddelenia z nemocn\u00edc formou prekladu alebo z domu na odporu\u010denie v\u0161eobecn\u00e9ho lek\u00e1ra, resp. \u0161pecialistu (ortop\u00e9d, traumatol\u00f3g, neurol\u00f3g,&#8230;). Pr\u00edjem pacienta je potrebn\u00e9 dohovori\u0165 s prednostkou ODCH MUDr. Silviou Golia\u0161ovou, MPH v \u010dase od 13:00 \u2013 15:00 hod.<\/p>\n<\/div>[\/vc_column_inner][\/vc_row_inner][\/vc_column][\/vc_row]<\/p>\n<\/div>","protected":false},"excerpt":{"rendered":"<p>[vc_row css=&#8220;.vc_custom_1608571881011{margin-top: -50px !important;border-top-width: 1px !important;border-right-width: 1px !important;border-bottom-width: 1px !important;border-left-width: 1px !important;padding-top: 0px !important;background-color: #ffffff !important;border-left-color: #d9deda !important;border-left-style: solid !important;border-right-color: #d9deda !important;border-right-style: solid !important;border-top-color: #d9deda !important;border-top-style: solid !important;border-bottom-color: #d9deda !important;border-bottom-style: solid !important;border-radius: 5px !important;}&#8220;][vc_column css=&#8220;.vc_custom_1608560194424{margin-top: 0px !important;margin-bottom: 0px !important;border-top-width: 0px !important;border-bottom-width: 0px !important;padding-top: 0px !important;padding-bottom: 0px !important;}&#8220;][vc_row_inner css=&#8220;.vc_custom_1608560000949{margin-top: 0px !important;border-top-width: 0px !important;border-bottom-width: 1px !important;padding-top: 0px&hellip;<\/p>\n","protected":false},"author":1,"featured_media":0,"parent":42,"menu_order":0,"comment_status":"closed","ping_status":"closed","template":"","meta":{"footnotes":""},"class_list":["post-44","page","type-page","status-publish","hentry","description-off"],"yoast_head":"<!-- This site is optimized with the Yoast SEO plugin v24.6 - https:\/\/yoast.com\/wordpress\/plugins\/seo\/ -->\n<title>Indications for the admission of patients to the LS ICU  - Zelen\u00fd Sen<\/title>\n<meta name=\"robots\" content=\"index, follow, max-snippet:-1, max-image-preview:large, max-video-preview:-1\" \/>\n<link rel=\"canonical\" href=\"https:\/\/www.zelenysen.sk\/informacie\/pre-pacientov\/indikacie-na-prijem-pacientov\/\" \/>\n<meta property=\"og:locale\" content=\"de_DE\" \/>\n<meta property=\"og:type\" content=\"article\" \/>\n<meta property=\"og:title\" content=\"[:sk]Indik\u00e1cie na pr\u00edjem pacientov[:en]Indications for the admission of patients[:de]Indications for the admission of patients to the LS ICU [:] - Zelen\u00fd Sen\" \/>\n<meta property=\"og:description\" content=\"[vc_row css=&#8220;.vc_custom_1608571881011{margin-top: -50px !important;border-top-width: 1px !important;border-right-width: 1px !important;border-bottom-width: 1px !important;border-left-width: 1px !important;padding-top: 0px !important;background-color: #ffffff !important;border-left-color: #d9deda !important;border-left-style: solid !important;border-right-color: #d9deda !important;border-right-style: solid !important;border-top-color: #d9deda !important;border-top-style: solid !important;border-bottom-color: #d9deda !important;border-bottom-style: solid !important;border-radius: 5px !important;}&#8220;][vc_column css=&#8220;.vc_custom_1608560194424{margin-top: 0px !important;margin-bottom: 0px !important;border-top-width: 0px !important;border-bottom-width: 0px !important;padding-top: 0px !important;padding-bottom: 0px !important;}&#8220;][vc_row_inner css=&#8220;.vc_custom_1608560000949{margin-top: 0px !important;border-top-width: 0px !important;border-bottom-width: 1px !important;padding-top: 0px&hellip;\" \/>\n<meta property=\"og:url\" content=\"https:\/\/www.zelenysen.sk\/informacie\/pre-pacientov\/indikacie-na-prijem-pacientov\/\" \/>\n<meta property=\"og:site_name\" content=\"Zelen\u00fd Sen\" \/>\n<meta property=\"article:modified_time\" content=\"2026-03-05T16:44:42+00:00\" \/>\n<meta name=\"twitter:card\" content=\"summary_large_image\" \/>\n<meta name=\"twitter:label1\" content=\"Gesch\u00e4tzte Lesezeit\" \/>\n\t<meta name=\"twitter:data1\" content=\"2\u00a0Minuten\" \/>\n<script type=\"application\/ld+json\" class=\"yoast-schema-graph\">{\"@context\":\"https:\/\/schema.org\",\"@graph\":[{\"@type\":\"WebPage\",\"@id\":\"https:\/\/www.zelenysen.sk\/informacie\/pre-pacientov\/indikacie-na-prijem-pacientov\/\",\"url\":\"https:\/\/www.zelenysen.sk\/informacie\/pre-pacientov\/indikacie-na-prijem-pacientov\/\",\"name\":\"[:sk]Indik\u00e1cie na pr\u00edjem pacientov[:en]Indications for the admission of patients[:de]Indications for the admission of patients to the LS ICU [:] - Zelen\u00fd Sen\",\"isPartOf\":{\"@id\":\"https:\/\/www.zelenysen.sk\/#website\"},\"datePublished\":\"2020-12-19T20:31:52+00:00\",\"dateModified\":\"2026-03-05T16:44:42+00:00\",\"breadcrumb\":{\"@id\":\"https:\/\/www.zelenysen.sk\/informacie\/pre-pacientov\/indikacie-na-prijem-pacientov\/#breadcrumb\"},\"inLanguage\":\"de\",\"potentialAction\":[{\"@type\":\"ReadAction\",\"target\":[\"https:\/\/www.zelenysen.sk\/informacie\/pre-pacientov\/indikacie-na-prijem-pacientov\/\"]}]},{\"@type\":\"BreadcrumbList\",\"@id\":\"https:\/\/www.zelenysen.sk\/informacie\/pre-pacientov\/indikacie-na-prijem-pacientov\/#breadcrumb\",\"itemListElement\":[{\"@type\":\"ListItem\",\"position\":1,\"name\":\"Domovsk\u00e1 str\u00e1nka\",\"item\":\"https:\/\/www.zelenysen.sk\/\"},{\"@type\":\"ListItem\",\"position\":2,\"name\":\"Inform\u00e1cie\",\"item\":\"https:\/\/www.zelenysen.sk\/informacie\/\"},{\"@type\":\"ListItem\",\"position\":3,\"name\":\"Pre pacientov\",\"item\":\"https:\/\/www.zelenysen.sk\/informacie\/pre-pacientov\/\"},{\"@type\":\"ListItem\",\"position\":4,\"name\":\"[:sk]Indik\u00e1cie na pr\u00edjem pacientov[:en]Indications for the admission of patients[:de]Indications for the admission of patients to the LS ICU [:]\"}]},{\"@type\":\"WebSite\",\"@id\":\"https:\/\/www.zelenysen.sk\/#website\",\"url\":\"https:\/\/www.zelenysen.sk\/\",\"name\":\"Zelen\u00fd Sen\",\"description\":\"\",\"potentialAction\":[{\"@type\":\"SearchAction\",\"target\":{\"@type\":\"EntryPoint\",\"urlTemplate\":\"https:\/\/www.zelenysen.sk\/?s={search_term_string}\"},\"query-input\":{\"@type\":\"PropertyValueSpecification\",\"valueRequired\":true,\"valueName\":\"search_term_string\"}}],\"inLanguage\":\"de\"}]}<\/script>\n<!-- \/ Yoast SEO plugin. -->","yoast_head_json":{"title":"[:sk]Indik\u00e1cie na pr\u00edjem pacientov[:en]Indications for the admission of patients[:de]Indications for the admission of patients to the LS ICU [:] - Zelen\u00fd Sen","robots":{"index":"index","follow":"follow","max-snippet":"max-snippet:-1","max-image-preview":"max-image-preview:large","max-video-preview":"max-video-preview:-1"},"canonical":"https:\/\/www.zelenysen.sk\/informacie\/pre-pacientov\/indikacie-na-prijem-pacientov\/","og_locale":"de_DE","og_type":"article","og_title":"[:sk]Indik\u00e1cie na pr\u00edjem pacientov[:en]Indications for the admission of patients[:de]Indications for the admission of patients to the LS ICU [:] - Zelen\u00fd Sen","og_description":"[vc_row css=&#8220;.vc_custom_1608571881011{margin-top: -50px !important;border-top-width: 1px !important;border-right-width: 1px !important;border-bottom-width: 1px !important;border-left-width: 1px !important;padding-top: 0px !important;background-color: #ffffff !important;border-left-color: #d9deda !important;border-left-style: solid !important;border-right-color: #d9deda !important;border-right-style: solid !important;border-top-color: #d9deda !important;border-top-style: solid !important;border-bottom-color: #d9deda !important;border-bottom-style: solid !important;border-radius: 5px !important;}&#8220;][vc_column css=&#8220;.vc_custom_1608560194424{margin-top: 0px !important;margin-bottom: 0px !important;border-top-width: 0px !important;border-bottom-width: 0px !important;padding-top: 0px !important;padding-bottom: 0px !important;}&#8220;][vc_row_inner css=&#8220;.vc_custom_1608560000949{margin-top: 0px !important;border-top-width: 0px !important;border-bottom-width: 1px !important;padding-top: 0px&hellip;","og_url":"https:\/\/www.zelenysen.sk\/informacie\/pre-pacientov\/indikacie-na-prijem-pacientov\/","og_site_name":"Zelen\u00fd Sen","article_modified_time":"2026-03-05T16:44:42+00:00","twitter_card":"summary_large_image","twitter_misc":{"Gesch\u00e4tzte Lesezeit":"2\u00a0Minuten"},"schema":{"@context":"https:\/\/schema.org","@graph":[{"@type":"WebPage","@id":"https:\/\/www.zelenysen.sk\/informacie\/pre-pacientov\/indikacie-na-prijem-pacientov\/","url":"https:\/\/www.zelenysen.sk\/informacie\/pre-pacientov\/indikacie-na-prijem-pacientov\/","name":"[:sk]Indik\u00e1cie na pr\u00edjem pacientov[:en]Indications for the admission of patients[:de]Indications for the admission of patients to the LS ICU [:] - Zelen\u00fd Sen","isPartOf":{"@id":"https:\/\/www.zelenysen.sk\/#website"},"datePublished":"2020-12-19T20:31:52+00:00","dateModified":"2026-03-05T16:44:42+00:00","breadcrumb":{"@id":"https:\/\/www.zelenysen.sk\/informacie\/pre-pacientov\/indikacie-na-prijem-pacientov\/#breadcrumb"},"inLanguage":"de","potentialAction":[{"@type":"ReadAction","target":["https:\/\/www.zelenysen.sk\/informacie\/pre-pacientov\/indikacie-na-prijem-pacientov\/"]}]},{"@type":"BreadcrumbList","@id":"https:\/\/www.zelenysen.sk\/informacie\/pre-pacientov\/indikacie-na-prijem-pacientov\/#breadcrumb","itemListElement":[{"@type":"ListItem","position":1,"name":"Domovsk\u00e1 str\u00e1nka","item":"https:\/\/www.zelenysen.sk\/"},{"@type":"ListItem","position":2,"name":"Inform\u00e1cie","item":"https:\/\/www.zelenysen.sk\/informacie\/"},{"@type":"ListItem","position":3,"name":"Pre pacientov","item":"https:\/\/www.zelenysen.sk\/informacie\/pre-pacientov\/"},{"@type":"ListItem","position":4,"name":"[:sk]Indik\u00e1cie na pr\u00edjem pacientov[:en]Indications for the admission of patients[:de]Indications for the admission of patients to the LS ICU [:]"}]},{"@type":"WebSite","@id":"https:\/\/www.zelenysen.sk\/#website","url":"https:\/\/www.zelenysen.sk\/","name":"Zelen\u00fd Sen","description":"","potentialAction":[{"@type":"SearchAction","target":{"@type":"EntryPoint","urlTemplate":"https:\/\/www.zelenysen.sk\/?s={search_term_string}"},"query-input":{"@type":"PropertyValueSpecification","valueRequired":true,"valueName":"search_term_string"}}],"inLanguage":"de"}]}},"_links":{"self":[{"href":"https:\/\/www.zelenysen.sk\/de\/wp-json\/wp\/v2\/pages\/44","targetHints":{"allow":["GET"]}}],"collection":[{"href":"https:\/\/www.zelenysen.sk\/de\/wp-json\/wp\/v2\/pages"}],"about":[{"href":"https:\/\/www.zelenysen.sk\/de\/wp-json\/wp\/v2\/types\/page"}],"author":[{"embeddable":true,"href":"https:\/\/www.zelenysen.sk\/de\/wp-json\/wp\/v2\/users\/1"}],"replies":[{"embeddable":true,"href":"https:\/\/www.zelenysen.sk\/de\/wp-json\/wp\/v2\/comments?post=44"}],"version-history":[{"count":8,"href":"https:\/\/www.zelenysen.sk\/de\/wp-json\/wp\/v2\/pages\/44\/revisions"}],"predecessor-version":[{"id":1430,"href":"https:\/\/www.zelenysen.sk\/de\/wp-json\/wp\/v2\/pages\/44\/revisions\/1430"}],"up":[{"embeddable":true,"href":"https:\/\/www.zelenysen.sk\/de\/wp-json\/wp\/v2\/pages\/42"}],"wp:attachment":[{"href":"https:\/\/www.zelenysen.sk\/de\/wp-json\/wp\/v2\/media?parent=44"}],"curies":[{"name":"wp","href":"https:\/\/api.w.org\/{rel}","templated":true}]}}